{"id":46,"date":"2023-05-24T07:02:30","date_gmt":"2023-05-24T07:02:30","guid":{"rendered":"http:\/\/www.ecosem.ut.ee\/?page_id=46"},"modified":"2023-10-04T10:10:01","modified_gmt":"2023-10-04T10:10:01","slug":"omailma-konverents","status":"publish","type":"page","link":"https:\/\/www.ecosem.ut.ee\/en\/omailma-konverents\/","title":{"rendered":"Omailma konverents"},"content":{"rendered":"<div class=\"wp-block-uagb-container uagb-block-267a14d9 alignfull uagb-is-root-container\"><div class=\"uagb-container-inner-blocks-wrap\">\n<div class=\"wp-block-uagb-container uagb-block-7487d691\">\n<div class=\"wp-block-uagb-advanced-heading uagb-block-7add3b92\"><h2 class=\"uagb-heading-text\">Conference Contemporary Umwelt Analysis: Applications for Culture and Ecological Relations&nbsp;<\/h2><p class=\"uagb-desc-text\">18-19 April 2023, University of Tartu, Estonia&nbsp;<\/p><\/div>\n<\/div>\n\n\n\n<div class=\"wp-block-uagb-container uagb-block-be681f0c\">\n<figure class=\"wp-block-image size-large\"><img loading=\"lazy\" decoding=\"async\" width=\"1024\" height=\"472\" src=\"https:\/\/www.ecosem.ut.ee\/wp-content\/uploads\/2023\/05\/omailma_konverents-1024x472.jpg\" alt=\"\" class=\"wp-image-271\" srcset=\"https:\/\/www.ecosem.ut.ee\/wp-content\/uploads\/2023\/05\/omailma_konverents-1024x472.jpg 1024w, https:\/\/www.ecosem.ut.ee\/wp-content\/uploads\/2023\/05\/omailma_konverents-300x138.jpg 300w, https:\/\/www.ecosem.ut.ee\/wp-content\/uploads\/2023\/05\/omailma_konverents-768x354.jpg 768w, https:\/\/www.ecosem.ut.ee\/wp-content\/uploads\/2023\/05\/omailma_konverents-1536x707.jpg 1536w, https:\/\/www.ecosem.ut.ee\/wp-content\/uploads\/2023\/05\/omailma_konverents-2048x943.jpg 2048w, https:\/\/www.ecosem.ut.ee\/wp-content\/uploads\/2023\/05\/omailma_konverents-18x8.jpg 18w\" sizes=\"auto, (max-width: 1024px) 100vw, 1024px\" \/><figcaption class=\"wp-element-caption\">Riin Magnus and Nelly M\u00e4ekivi presenting. Photo: Timo Maran<\/figcaption><\/figure>\n<\/div>\n<\/div><\/div>\n\n\n\n<div class=\"wp-block-uagb-container uagb-block-b312a702 alignfull uagb-is-root-container\"><div class=\"uagb-container-inner-blocks-wrap\">\n<p>Umwelt analysis, initially proposed by Jakob von Uexk\u00fcll, revolutionised studies on animal behaviour and perception by targeting them as semiotic phenomena, that is, as based on meanings and signs. In the Institute of Umwelt Research in Hamburg, of which Uexk\u00fcll was the director, umwelt theory served as a shared theoretical ground for research on topics as diverse as the umwelten of fighting fish to the training methods of guide dogs. In the 21st century, the scope of umwelt theory has vastly expanded, both in terms of disciplines \u2013 ranging from anthropology to ecology \u2013 and the phenomena that are addressed with the help of the theory. Novel theoretical connections and disciplinary embeddings, as well as new changes in the lifeworld itself, bring along new challenges and questions: how to fit umwelt theory with existing methodologies and theoretical backgrounds of various other disciplines, how to make it a working analytical tool in the context of human-induced environmental change, and what are the methodologies that have been developed since the times of Uexk\u00fcll that would help to conduct empirical analyses of animal umwelten today. To scrutinise these questions, the Department of Semiotics at the University of Tartu organised a conference \u201cContemporary Umwelt Analysis: Applications for Culture and Ecological Relations\u201d on 18 \u2013 19 April 2023.<\/p>\n\n\n\n<div class=\"wp-block-uagb-advanced-heading uagb-block-a46e8b1e\"><h3 class=\"uagb-heading-text\">The conference focused at following topics:<\/h3><\/div>\n\n\n\n<div class=\"wp-block-uagb-icon-list uagb-block-1952d338\"><div class=\"uagb-icon-list__wrap\">\n<div class=\"wp-block-uagb-icon-list-child uagb-block-87df6a7d\"><span class=\"uagb-icon-list__source-wrap\"><svg xmlns=\"https:\/\/www.w3.org\/2000\/svg\" viewbox=\"0 0 512 512\"><path d=\"M256 0C114.6 0 0 114.6 0 256c0 141.4 114.6 256 256 256s256-114.6 256-256C512 114.6 397.4 0 256 0zM406.6 278.6l-103.1 103.1c-12.5 12.5-32.75 12.5-45.25 0s-12.5-32.75 0-45.25L306.8 288H128C110.3 288 96 273.7 96 256s14.31-32 32-32h178.8l-49.38-49.38c-12.5-12.5-12.5-32.75 0-45.25s32.75-12.5 45.25 0l103.1 103.1C414.6 241.3 416 251.1 416 256C416 260.9 414.6 270.7 406.6 278.6z\"><\/path><\/svg><\/span><span class=\"uagb-icon-list__label\">umwelt analysis across disciplines (ecology, anthropology, literary studies, economics, etc.);\u00a0<\/span><\/div>\n\n\n\n<div class=\"wp-block-uagb-icon-list-child uagb-block-0615f6fb\"><span class=\"uagb-icon-list__source-wrap\"><svg xmlns=\"https:\/\/www.w3.org\/2000\/svg\" viewbox=\"0 0 512 512\"><path d=\"M256 0C114.6 0 0 114.6 0 256c0 141.4 114.6 256 256 256s256-114.6 256-256C512 114.6 397.4 0 256 0zM406.6 278.6l-103.1 103.1c-12.5 12.5-32.75 12.5-45.25 0s-12.5-32.75 0-45.25L306.8 288H128C110.3 288 96 273.7 96 256s14.31-32 32-32h178.8l-49.38-49.38c-12.5-12.5-12.5-32.75 0-45.25s32.75-12.5 45.25 0l103.1 103.1C414.6 241.3 416 251.1 416 256C416 260.9 414.6 270.7 406.6 278.6z\"><\/path><\/svg><\/span><span class=\"uagb-icon-list__label\">umwelt analysis in different applications, methods, and fieldwork;\u00a0<\/span><\/div>\n\n\n\n<div class=\"wp-block-uagb-icon-list-child uagb-block-918bb409\"><span class=\"uagb-icon-list__source-wrap\"><svg xmlns=\"https:\/\/www.w3.org\/2000\/svg\" viewbox=\"0 0 512 512\"><path d=\"M256 0C114.6 0 0 114.6 0 256c0 141.4 114.6 256 256 256s256-114.6 256-256C512 114.6 397.4 0 256 0zM406.6 278.6l-103.1 103.1c-12.5 12.5-32.75 12.5-45.25 0s-12.5-32.75 0-45.25L306.8 288H128C110.3 288 96 273.7 96 256s14.31-32 32-32h178.8l-49.38-49.38c-12.5-12.5-12.5-32.75 0-45.25s32.75-12.5 45.25 0l103.1 103.1C414.6 241.3 416 251.1 416 256C416 260.9 414.6 270.7 406.6 278.6z\"><\/path><\/svg><\/span><span class=\"uagb-icon-list__label\">human and animal umwelten in the era of anthropogenic environmental change;\u00a0<\/span><\/div>\n\n\n\n<div class=\"wp-block-uagb-icon-list-child uagb-block-c025f989\"><span class=\"uagb-icon-list__source-wrap\"><svg xmlns=\"https:\/\/www.w3.org\/2000\/svg\" viewbox=\"0 0 512 512\"><path d=\"M256 0C114.6 0 0 114.6 0 256c0 141.4 114.6 256 256 256s256-114.6 256-256C512 114.6 397.4 0 256 0zM406.6 278.6l-103.1 103.1c-12.5 12.5-32.75 12.5-45.25 0s-12.5-32.75 0-45.25L306.8 288H128C110.3 288 96 273.7 96 256s14.31-32 32-32h178.8l-49.38-49.38c-12.5-12.5-12.5-32.75 0-45.25s32.75-12.5 45.25 0l103.1 103.1C414.6 241.3 416 251.1 416 256C416 260.9 414.6 270.7 406.6 278.6z\"><\/path><\/svg><\/span><span class=\"uagb-icon-list__label\">contemporary developments in umwelt thinking.\u00a0<\/span><\/div>\n<\/div><\/div>\n\n\n\n<div class=\"wp-block-uagb-advanced-heading uagb-block-57c31e12\"><h3 class=\"uagb-heading-text\">Keynote speakers<\/h3><\/div>\n\n\n\n<div class=\"wp-block-uagb-icon-list uagb-block-448809fc\"><div class=\"uagb-icon-list__wrap\">\n<div class=\"wp-block-uagb-icon-list-child uagb-block-fa882a3a\"><span class=\"uagb-icon-list__source-wrap\"><svg xmlns=\"https:\/\/www.w3.org\/2000\/svg\" viewbox=\"0 0 512 512\"><path d=\"M256 0C114.6 0 0 114.6 0 256c0 141.4 114.6 256 256 256s256-114.6 256-256C512 114.6 397.4 0 256 0zM406.6 278.6l-103.1 103.1c-12.5 12.5-32.75 12.5-45.25 0s-12.5-32.75 0-45.25L306.8 288H128C110.3 288 96 273.7 96 256s14.31-32 32-32h178.8l-49.38-49.38c-12.5-12.5-12.5-32.75 0-45.25s32.75-12.5 45.25 0l103.1 103.1C414.6 241.3 416 251.1 416 256C416 260.9 414.6 270.7 406.6 278.6z\"><\/path><\/svg><\/span><span class=\"uagb-icon-list__label\">Carsten Herrmann-Pillath, University of Erfurt, Germany\u00a0<\/span><\/div>\n\n\n\n<div class=\"wp-block-uagb-icon-list-child uagb-block-4cfe04e1\"><span class=\"uagb-icon-list__source-wrap\"><svg xmlns=\"https:\/\/www.w3.org\/2000\/svg\" viewbox=\"0 0 512 512\"><path d=\"M256 0C114.6 0 0 114.6 0 256c0 141.4 114.6 256 256 256s256-114.6 256-256C512 114.6 397.4 0 256 0zM406.6 278.6l-103.1 103.1c-12.5 12.5-32.75 12.5-45.25 0s-12.5-32.75 0-45.25L306.8 288H128C110.3 288 96 273.7 96 256s14.31-32 32-32h178.8l-49.38-49.38c-12.5-12.5-12.5-32.75 0-45.25s32.75-12.5 45.25 0l103.1 103.1C414.6 241.3 416 251.1 416 256C416 260.9 414.6 270.7 406.6 278.6z\"><\/path><\/svg><\/span><span class=\"uagb-icon-list__label\">Morten T\u00f8nnessen, University of Stavanger, Norway\u00a0<\/span><\/div>\n\n\n\n<div class=\"wp-block-uagb-icon-list-child uagb-block-46b9ee1c\"><span class=\"uagb-icon-list__source-wrap\"><svg xmlns=\"https:\/\/www.w3.org\/2000\/svg\" viewbox=\"0 0 512 512\"><path d=\"M256 0C114.6 0 0 114.6 0 256c0 141.4 114.6 256 256 256s256-114.6 256-256C512 114.6 397.4 0 256 0zM406.6 278.6l-103.1 103.1c-12.5 12.5-32.75 12.5-45.25 0s-12.5-32.75 0-45.25L306.8 288H128C110.3 288 96 273.7 96 256s14.31-32 32-32h178.8l-49.38-49.38c-12.5-12.5-12.5-32.75 0-45.25s32.75-12.5 45.25 0l103.1 103.1C414.6 241.3 416 251.1 416 256C416 260.9 414.6 270.7 406.6 278.6z\"><\/path><\/svg><\/span><span class=\"uagb-icon-list__label\">Kalevi Kull, University of Tartu, Estonia\u00a0<\/span><\/div>\n\n\n\n<div class=\"wp-block-uagb-icon-list-child uagb-block-b4d4cb2b\"><span class=\"uagb-icon-list__source-wrap\"><svg xmlns=\"https:\/\/www.w3.org\/2000\/svg\" viewbox=\"0 0 512 512\"><path d=\"M256 0C114.6 0 0 114.6 0 256c0 141.4 114.6 256 256 256s256-114.6 256-256C512 114.6 397.4 0 256 0zM406.6 278.6l-103.1 103.1c-12.5 12.5-32.75 12.5-45.25 0s-12.5-32.75 0-45.25L306.8 288H128C110.3 288 96 273.7 96 256s14.31-32 32-32h178.8l-49.38-49.38c-12.5-12.5-12.5-32.75 0-45.25s32.75-12.5 45.25 0l103.1 103.1C414.6 241.3 416 251.1 416 256C416 260.9 414.6 270.7 406.6 278.6z\"><\/path><\/svg><\/span><span class=\"uagb-icon-list__label\">Martin Avila, Konstfack, Sweden\u00a0<\/span><\/div>\n<\/div><\/div>\n\n\n\n<div class=\"wp-block-uagb-buttons uagb-buttons__outer-wrap uagb-btn__default-btn uagb-btn-tablet__default-btn uagb-btn-mobile__default-btn uagb-block-95a53ef9\"><div class=\"uagb-buttons__wrap uagb-buttons-layout-wrap\">\n<div class=\"wp-block-uagb-buttons-child uagb-buttons__outer-wrap uagb-block-f6dfb9c2 wp-block-button is-style-outline\"><div class=\"uagb-button__wrapper\"><a class=\"uagb-buttons-repeater wp-block-button__link\" href=\"\/\/www.ecosem.ut.ee\/wp-content\/uploads\/2023\/05\/ABSTRACT-BOOK_Conference-_Contemporary-Umwelt-Analysis_-Applications-for-Culture-and-Ecological-Relations_2023.pdf\" onclick=\"return true;\" rel=\"follow noopener\" target=\"_blank\"><div class=\"uagb-button__link\">Book of Abstracts<\/div><\/a><\/div><\/div>\n\n\n\n<div class=\"wp-block-uagb-buttons-child uagb-buttons__outer-wrap uagb-block-d3696fad wp-block-button is-style-outline\"><div class=\"uagb-button__wrapper\"><a class=\"uagb-buttons-repeater wp-block-button__link\" href=\"http:\/\/www.ecosem.ut.ee\/wp-content\/uploads\/2023\/05\/PROGRAM_Contemporary-umwelt-analysis_update-11.04.2023.pdf\" onclick=\"return true;\" rel=\"follow noopener\" target=\"_blank\"><div class=\"uagb-button__link\">Program<\/div><\/a><\/div><\/div>\n<\/div><\/div>\n\n\n\n<div class=\"wp-block-uagb-info-box uagb-block-59f29341 uagb-infobox__content-wrap  uagb-infobox-icon-above-title uagb-infobox-image-valign-top\"><div class=\"uagb-ifb-content\"><div class=\"uagb-ifb-title-wrap\"><h3 class=\"uagb-ifb-title\">Organisers<\/h3><\/div><p class=\"uagb-ifb-desc\">Organised by the Department of Semiotics, University of Tartu: Kalevi Kull, Riin Magnus, Timo Maran, Nelly M\u00e4ekivi, Lona P\u00e4ll, Silver Rattasepp, Siiri Tarrikas.&nbsp;<\/p><\/div><\/div>\n\n\n\n<p>The conference was funded by the European Union (Horizon Europe project 101084220) and by the Estonian Research Council (project PRG1504).&nbsp;<\/p>\n<\/div><\/div>","protected":false},"excerpt":{"rendered":"<p>Konverents &#8220;N\u00fc\u00fcdisaegne omailma anal\u00fc\u00fcs: Rakendused kultuuri ja \u00f6koloogiliste suhete uurimises&#8221;&nbsp; 18-19 April 2023, Tartu \u00dclikool&nbsp; Jakob von Uexk\u00fclli poolt v\u00e4lja pakutud omailmaanal\u00fc\u00fcs muutis revolutsiooniliselt loomade k\u00e4itumise ja taju uuringud, vaadates neid semiootiliste n\u00e4htustena, mis p\u00f5hinevad t\u00e4hendustel ja m\u00e4rkidel. Hamburgi omailmauuringute instituudis, mille direktoriks Uexk\u00fcll oli, v\u00f5eti omailmateooria teoreetiliseks aluseks erinevate teemade uurimiseks v\u00f5itluskalade k\u00e4itumisest kuni &hellip;<\/p>\n<p class=\"read-more\"> <a class=\"\" href=\"https:\/\/www.ecosem.ut.ee\/en\/omailma-konverents\/\"> <span class=\"screen-reader-text\">Omailma konverents<\/span> Read More &raquo;<\/a><\/p>","protected":false},"author":2,"featured_media":0,"parent":0,"menu_order":0,"comment_status":"closed","ping_status":"closed","template":"","meta":{"_uag_custom_page_level_css":"","site-sidebar-layout":"default","site-content-layout":"default","ast-global-header-display":"","ast-main-header-display":"","ast-hfb-above-header-display":"","ast-hfb-below-header-display":"","ast-hfb-mobile-header-display":"","site-post-title":"disabled","ast-breadcrumbs-content":"","ast-featured-img":"","footer-sml-layout":"","theme-transparent-header-meta":"","adv-header-id-meta":"","stick-header-meta":"","header-above-stick-meta":"","header-main-stick-meta":"","header-below-stick-meta":"","footnotes":""},"class_list":["post-46","page","type-page","status-publish","hentry"],"uagb_featured_image_src":{"full":false,"thumbnail":false,"medium":false,"medium_large":false,"large":false,"1536x1536":false,"2048x2048":false,"trp-custom-language-flag":false},"uagb_author_info":{"display_name":"Ulla Juske","author_link":"https:\/\/www.ecosem.ut.ee\/en\/author\/ulla_juske\/"},"uagb_comment_info":0,"uagb_excerpt":"Konverents &#8220;N\u00fc\u00fcdisaegne omailma anal\u00fc\u00fcs: Rakendused kultuuri ja \u00f6koloogiliste suhete uurimises&#8221;&nbsp; 18-19 April 2023, Tartu \u00dclikool&nbsp; Jakob von Uexk\u00fclli poolt v\u00e4lja pakutud omailmaanal\u00fc\u00fcs muutis revolutsiooniliselt loomade k\u00e4itumise ja taju uuringud, vaadates neid semiootiliste n\u00e4htustena, mis p\u00f5hinevad t\u00e4hendustel ja m\u00e4rkidel. Hamburgi omailmauuringute instituudis, mille direktoriks Uexk\u00fcll oli, v\u00f5eti omailmateooria teoreetiliseks aluseks erinevate teemade uurimiseks v\u00f5itluskalade k\u00e4itumisest kuni&hellip;","_links":{"self":[{"href":"https:\/\/www.ecosem.ut.ee\/en\/wp-json\/wp\/v2\/pages\/46","targetHints":{"allow":["GET"]}}],"collection":[{"href":"https:\/\/www.ecosem.ut.ee\/en\/wp-json\/wp\/v2\/pages"}],"about":[{"href":"https:\/\/www.ecosem.ut.ee\/en\/wp-json\/wp\/v2\/types\/page"}],"author":[{"embeddable":true,"href":"https:\/\/www.ecosem.ut.ee\/en\/wp-json\/wp\/v2\/users\/2"}],"replies":[{"embeddable":true,"href":"https:\/\/www.ecosem.ut.ee\/en\/wp-json\/wp\/v2\/comments?post=46"}],"version-history":[{"count":9,"href":"https:\/\/www.ecosem.ut.ee\/en\/wp-json\/wp\/v2\/pages\/46\/revisions"}],"predecessor-version":[{"id":461,"href":"https:\/\/www.ecosem.ut.ee\/en\/wp-json\/wp\/v2\/pages\/46\/revisions\/461"}],"wp:attachment":[{"href":"https:\/\/www.ecosem.ut.ee\/en\/wp-json\/wp\/v2\/media?parent=46"}],"curies":[{"name":"wp","href":"https:\/\/api.w.org\/{rel}","templated":true}]}}